{"id":194,"date":"2016-08-26T22:30:18","date_gmt":"2016-08-26T22:30:18","guid":{"rendered":"http:\/\/antoniamarques.pt\/blog\/?page_id=194"},"modified":"2025-12-13T11:57:02","modified_gmt":"2025-12-13T11:57:02","slug":"cadernosprojeto","status":"publish","type":"page","link":"https:\/\/antoniamarques.pt\/blog\/cadernosprojeto\/","title":{"rendered":"livros do avesso"},"content":{"rendered":"<div class=\"wp-block-image\">\n<figure class=\"aligncenter\"><img loading=\"lazy\" decoding=\"async\" width=\"940\" height=\"533\" src=\"https:\/\/antoniamarques.pt\/blog\/wp-content\/uploads\/2016\/08\/e-vite.jpg\" alt=\"poster\" class=\"wp-image-290\" srcset=\"https:\/\/antoniamarques.pt\/blog\/wp-content\/uploads\/2016\/08\/e-vite.jpg 940w, https:\/\/antoniamarques.pt\/blog\/wp-content\/uploads\/2016\/08\/e-vite-300x170.jpg 300w, https:\/\/antoniamarques.pt\/blog\/wp-content\/uploads\/2016\/08\/e-vite-768x435.jpg 768w\" sizes=\"auto, (max-width: 940px) 100vw, 940px\" \/><\/figure><\/div>\n\n\n<p><strong>about&nbsp;<a href=\"https:\/\/madep.wordpress.com\/\">MADEP<\/a> <\/strong><\/p>\n\n\n\n<p>MADEP _Mestrado em Arte e Design para o Espa\u00e7o P\u00fablico \/ MA Art and Design for the Public Space \u2013 Faculdade de Belas Artes \u2013 Universidade do Porto<\/p>\n\n\n\n<p>&#8220;O Ciclo de Estudos conducente ao Grau de Mestre em Arte e Design para o Espa\u00e7o P\u00fablico oferece alternativas de prosseguimento de estudos para alunos provenientes dos diversos cursos de Arte e\/ou Design existentes nesta e noutras Faculdades, num \u00e2mbito de trabalho que possui o Espa\u00e7o P\u00fablico nas suas diferentes vertentes (sociais, pol\u00edticas, urbanas e mesmo virtuais) como foco de interven\u00e7\u00e3o.<br>\nA necessidade de interac\u00e7\u00e3o e envolvimento com o dom\u00ednio p\u00fablico tem-se afirmado progressivamente como uma preocupa\u00e7\u00e3o art\u00edstica, est\u00e9tica e de interven\u00e7\u00e3o criativa nos mais diversos circuitos do conhecimento e da pr\u00e1tica art\u00edstica. A oferta de um curso de 2\u00b0 Ciclo com estes contornos permite sistematizar e transmitir ferramentas operativas e reflexivas adequadas a&nbsp;reflectir e intervir sobre um dado contexto. Assim, por um lado, o car\u00e1cter de especializa\u00e7\u00e3o deste ciclo de estudos atende a necessidades muito concretas desta operatividade ao n\u00edvel da interven\u00e7\u00e3o espacial; por outro, a sua raiz pluri e interdisciplinar estabelece desde logo como imperativo o desenvolvimento de ferramentas cr\u00edticas e reflexivas, que permitem m\u00faltiplas abordagens neste \u00e2mbito de investiga\u00e7\u00e3o.<\/p>\n\n\n\n<p><strong>Estrutura<br>\n<\/strong>A primeira parte do curso estrutura-se em torno de um conjunto de unidades curriculares contextualizantes de, por um lado, as metodologias de investiga\u00e7\u00e3o, de projecto, e as ferramentas profissionais; por outro, o conhecimento te\u00f3rico indispens\u00e1vel a uma investiga\u00e7\u00e3o consistente; e finalmente, \u00e0<strong> pr\u00e1tica projectual<\/strong> desenvolvida com o apoio de tutores dedicados e escolhidos de acordo com as suas especialidades. As unidades te\u00f3ricas e <strong>projectuais<\/strong>&nbsp;t\u00eam um professor respons\u00e1vel, abrindo-se no entanto \u00e0 participa\u00e7\u00e3o de especialistas, professores, artistas, etc, convidados pela sua relev\u00e2ncia e dom\u00ednio das mat\u00e9rias em causa.&nbsp; A segunda parte do curso inclui&nbsp;uma Unidade Curricular de Metodologia de Investiga\u00e7\u00e3o e <strong>Projectual<\/strong> de n\u00edvel avan\u00e7ado e a elabora\u00e7\u00e3o do <strong>Trabalho de Projecto<\/strong> em conjun\u00e7\u00e3o com&nbsp;uma componente escrita, para os quais, sempre que poss\u00edvel, ser\u00e3o chamados orientadores de reconhecido m\u00e9rito com vista a promover um \u00e2mbito alargado de cr\u00edtica e contributo cient\u00edfico e art\u00edstico.<\/p>\n\n\n\n<p>Em Tr\u00e2nsito, pela cria\u00e7\u00e3o de lugares indisciplinados<\/p>\n\n\n\n<p><\/p>\n\n\n\n\n\n<figure class=\"wp-block-image alignnone wp-image-384 size-full\"><img loading=\"lazy\" decoding=\"async\" width=\"1900\" height=\"1689\" src=\"https:\/\/antoniamarques.pt\/blog\/wp-content\/uploads\/2016\/08\/IMG_4709-e1473344731765.jpg\" alt=\"dissertar I\" class=\"wp-image-384\" srcset=\"https:\/\/antoniamarques.pt\/blog\/wp-content\/uploads\/2016\/08\/IMG_4709-e1473344731765.jpg 1900w, https:\/\/antoniamarques.pt\/blog\/wp-content\/uploads\/2016\/08\/IMG_4709-e1473344731765-300x267.jpg 300w, https:\/\/antoniamarques.pt\/blog\/wp-content\/uploads\/2016\/08\/IMG_4709-e1473344731765-768x683.jpg 768w, https:\/\/antoniamarques.pt\/blog\/wp-content\/uploads\/2016\/08\/IMG_4709-e1473344731765-1024x910.jpg 1024w\" sizes=\"auto, (max-width: 1900px) 100vw, 1900px\" \/><figcaption class=\"wp-element-caption\">dissertar I<\/figcaption><\/figure>\n\n\n\n\n\n<figure class=\"wp-block-image alignnone size-full wp-image-330\"><img loading=\"lazy\" decoding=\"async\" width=\"2352\" height=\"1386\" src=\"https:\/\/antoniamarques.pt\/blog\/wp-content\/uploads\/2016\/09\/IMG_4200-e1473344326781.jpg\" alt=\"dissertar II\" class=\"wp-image-330\" srcset=\"https:\/\/antoniamarques.pt\/blog\/wp-content\/uploads\/2016\/09\/IMG_4200-e1473344326781.jpg 2352w, https:\/\/antoniamarques.pt\/blog\/wp-content\/uploads\/2016\/09\/IMG_4200-e1473344326781-300x177.jpg 300w, https:\/\/antoniamarques.pt\/blog\/wp-content\/uploads\/2016\/09\/IMG_4200-e1473344326781-768x453.jpg 768w, https:\/\/antoniamarques.pt\/blog\/wp-content\/uploads\/2016\/09\/IMG_4200-e1473344326781-1024x603.jpg 1024w\" sizes=\"auto, (max-width: 2352px) 100vw, 2352px\" \/><figcaption class=\"wp-element-caption\">dissertar II<\/figcaption><\/figure>\n\n\n\n<p><a href=\"https:\/\/repositorio-aberto.up.pt\/handle\/10216\/80459?locale=pt\">LIVRO DE PROJETO<\/a><\/p>\n","protected":false},"excerpt":{"rendered":"<p>about&nbsp;MADEP MADEP _Mestrado em Arte e Design para o Espa\u00e7o P\u00fablico \/ MA Art and Design for the Public Space \u2013 Faculdade de Belas Artes \u2013 Universidade do Porto &#8220;O Ciclo de Estudos conducente ao Grau de Mestre em Arte e Design para o Espa\u00e7o P\u00fablico oferece alternativas de prosseguimento de estudos para alunos provenientes [&hellip;]<\/p>\n","protected":false},"author":2,"featured_media":0,"parent":0,"menu_order":0,"comment_status":"closed","ping_status":"closed","template":"","meta":{"footnotes":""},"class_list":["post-194","page","type-page","status-publish","hentry"],"_links":{"self":[{"href":"https:\/\/antoniamarques.pt\/blog\/wp-json\/wp\/v2\/pages\/194","targetHints":{"allow":["GET"]}}],"collection":[{"href":"https:\/\/antoniamarques.pt\/blog\/wp-json\/wp\/v2\/pages"}],"about":[{"href":"https:\/\/antoniamarques.pt\/blog\/wp-json\/wp\/v2\/types\/page"}],"author":[{"embeddable":true,"href":"https:\/\/antoniamarques.pt\/blog\/wp-json\/wp\/v2\/users\/2"}],"replies":[{"embeddable":true,"href":"https:\/\/antoniamarques.pt\/blog\/wp-json\/wp\/v2\/comments?post=194"}],"version-history":[{"count":21,"href":"https:\/\/antoniamarques.pt\/blog\/wp-json\/wp\/v2\/pages\/194\/revisions"}],"predecessor-version":[{"id":4071,"href":"https:\/\/antoniamarques.pt\/blog\/wp-json\/wp\/v2\/pages\/194\/revisions\/4071"}],"wp:attachment":[{"href":"https:\/\/antoniamarques.pt\/blog\/wp-json\/wp\/v2\/media?parent=194"}],"curies":[{"name":"wp","href":"https:\/\/api.w.org\/{rel}","templated":true}]}}